{"id":78,"date":"2024-02-29T08:49:15","date_gmt":"2024-02-29T11:49:15","guid":{"rendered":"https:\/\/www.santacatarinalaboure.com.br\/?page_id=78"},"modified":"2024-07-24T17:34:46","modified_gmt":"2024-07-24T20:34:46","slug":"acolitos-coroinhas","status":"publish","type":"page","link":"https:\/\/www.santacatarinalaboure.com.br\/index.php\/acolitos-coroinhas\/","title":{"rendered":"Ac\u00f3litos &#8211; Coroinhas"},"content":{"rendered":"\t\t<div data-elementor-type=\"wp-page\" data-elementor-id=\"78\" class=\"elementor elementor-78\" data-elementor-post-type=\"page\">\n\t\t\t\t<div class=\"elementor-element elementor-element-ca74b54 e-flex e-con-boxed e-con e-parent\" data-id=\"ca74b54\" data-element_type=\"container\" data-settings=\"{&quot;content_width&quot;:&quot;boxed&quot;}\" data-core-v316-plus=\"true\">\n\t\t\t\t\t<div class=\"e-con-inner\">\n\t\t<div class=\"elementor-element elementor-element-10f1f0f e-flex e-con-boxed e-con e-child\" data-id=\"10f1f0f\" data-element_type=\"container\" data-settings=\"{&quot;content_width&quot;:&quot;boxed&quot;}\">\n\t\t\t\t\t<div class=\"e-con-inner\">\n\t\t\t\t<div class=\"elementor-element elementor-element-8dfeac4 elementor-widget elementor-widget-heading\" data-id=\"8dfeac4\" data-element_type=\"widget\" data-widget_type=\"heading.default\">\n\t\t\t\t<div class=\"elementor-widget-container\">\n\t\t\t<style>\/*! elementor - v3.19.0 - 07-02-2024 *\/\n.elementor-heading-title{padding:0;margin:0;line-height:1}.elementor-widget-heading .elementor-heading-title[class*=elementor-size-]>a{color:inherit;font-size:inherit;line-height:inherit}.elementor-widget-heading .elementor-heading-title.elementor-size-small{font-size:15px}.elementor-widget-heading .elementor-heading-title.elementor-size-medium{font-size:19px}.elementor-widget-heading .elementor-heading-title.elementor-size-large{font-size:29px}.elementor-widget-heading .elementor-heading-title.elementor-size-xl{font-size:39px}.elementor-widget-heading .elementor-heading-title.elementor-size-xxl{font-size:59px}<\/style><h2 class=\"elementor-heading-title elementor-size-default\">Ac\u00f3litos<\/h2>\t\t<\/div>\n\t\t\t\t<\/div>\n\t\t\t\t<div class=\"elementor-element elementor-element-8e319c2 elementor-widget elementor-widget-text-editor\" data-id=\"8e319c2\" data-element_type=\"widget\" data-widget_type=\"text-editor.default\">\n\t\t\t\t<div class=\"elementor-widget-container\">\n\t\t\t<style>\/*! elementor - v3.19.0 - 07-02-2024 *\/\n.elementor-widget-text-editor.elementor-drop-cap-view-stacked .elementor-drop-cap{background-color:#69727d;color:#fff}.elementor-widget-text-editor.elementor-drop-cap-view-framed .elementor-drop-cap{color:#69727d;border:3px solid;background-color:transparent}.elementor-widget-text-editor:not(.elementor-drop-cap-view-default) .elementor-drop-cap{margin-top:8px}.elementor-widget-text-editor:not(.elementor-drop-cap-view-default) .elementor-drop-cap-letter{width:1em;height:1em}.elementor-widget-text-editor .elementor-drop-cap{float:left;text-align:center;line-height:1;font-size:50px}.elementor-widget-text-editor .elementor-drop-cap-letter{display:inline-block}<\/style>\t\t\t\t<p>Ser coroinha significa ser instrumento de Deus no servi\u00e7o de toda a Igreja no altar, permitindo-nos contemplar de perto o mist\u00e9rio de Cristo que diariamente faz o p\u00e3o e nos une num s\u00f3 corpo. \u201cVisto que todos participamos desse \u00fanico p\u00e3o\u201d\u00a0 (1 Cor\u00edntios 10:17), pela comunh\u00e3o com o corpo de Cristo.<\/p><p>Esta pastoral \u00e9 respons\u00e1vel pela gest\u00e3o diligente do altar, pelo cuidado das vestes e objetos lit\u00fargicos, e pelo cuidado do sacerdote e p\u00e1roco durante a celebra\u00e7\u00e3o da Missa.<\/p><p>Para al\u00e9m das atividades normais dos coroinhas e coroinhas, este servi\u00e7o pastoral \u00e9 respons\u00e1vel por promover a catequese das crian\u00e7as e jovens que lhe pertencem. Fornecer a cada um deles o apoio pastoral de que necessitam para desenvolver a obedi\u00eancia, a disciplina e o amor fraternal.<\/p>\t\t\t\t\t\t<\/div>\n\t\t\t\t<\/div>\n\t\t\t\t\t<\/div>\n\t\t\t\t<\/div>\n\t\t\t\t\t<\/div>\n\t\t\t\t<\/div>\n\t\t<div class=\"elementor-element elementor-element-0fc366c e-flex e-con-boxed e-con e-parent\" data-id=\"0fc366c\" data-element_type=\"container\" data-settings=\"{&quot;content_width&quot;:&quot;boxed&quot;}\" data-core-v316-plus=\"true\">\n\t\t\t\t\t<div class=\"e-con-inner\">\n\t\t\t\t<div class=\"elementor-element elementor-element-b779285 elementor-widget elementor-widget-image\" data-id=\"b779285\" data-element_type=\"widget\" data-widget_type=\"image.default\">\n\t\t\t\t<div class=\"elementor-widget-container\">\n\t\t\t<style>\/*! elementor - v3.19.0 - 07-02-2024 *\/\n.elementor-widget-image{text-align:center}.elementor-widget-image a{display:inline-block}.elementor-widget-image a img[src$=\".svg\"]{width:48px}.elementor-widget-image img{vertical-align:middle;display:inline-block}<\/style>\t\t\t\t\t\t\t\t\t\t<img decoding=\"async\" src=\"https:\/\/www.santacatarinalaboure.com.br\/wp-content\/uploads\/2024\/06\/Aniversario-Pe-Jose-Antonio-20-anos-sacerdocio-12.jpg\" title=\"Aniversa\u0301rio &#8211; Pe Jose\u0301 Anto\u0302nio &#8211; 20 anos sacerdo\u0301cio-12\" alt=\"Aniversa\u0301rio - Pe Jose\u0301 Anto\u0302nio - 20 anos sacerdo\u0301cio-12\" loading=\"lazy\" \/>\t\t\t\t\t\t\t\t\t\t\t\t\t<\/div>\n\t\t\t\t<\/div>\n\t\t\t\t\t<\/div>\n\t\t\t\t<\/div>\n\t\t\t\t<\/div>\n\t\t","protected":false},"excerpt":{"rendered":"<p>Ac\u00f3litos Ser coroinha significa ser instrumento de Deus no servi\u00e7o de toda a Igreja<span class=\"more-dots\">&#8230;<\/span><\/p>\n","protected":false},"author":1,"featured_media":0,"parent":0,"menu_order":0,"comment_status":"closed","ping_status":"closed","template":"","meta":{"footnotes":""},"class_list":["post-78","page","type-page","status-publish","hentry","no-post-thumbnail"],"yoast_head":"<!-- This site is optimized with the Yoast SEO plugin v22.3 - https:\/\/yoast.com\/wordpress\/plugins\/seo\/ -->\n<title>Ac\u00f3litos - Coroinhas - Par\u00f3quia Santa Catarina Labour\u00e9<\/title>\n<meta name=\"robots\" content=\"index, follow, max-snippet:-1, max-image-preview:large, max-video-preview:-1\" \/>\n<link rel=\"canonical\" href=\"https:\/\/www.santacatarinalaboure.com.br\/index.php\/acolitos-coroinhas\/\" \/>\n<meta property=\"og:locale\" content=\"pt_BR\" \/>\n<meta property=\"og:type\" content=\"article\" \/>\n<meta property=\"og:title\" content=\"Ac\u00f3litos - Coroinhas - Par\u00f3quia Santa Catarina Labour\u00e9\" \/>\n<meta property=\"og:description\" content=\"Ac\u00f3litos Ser coroinha significa ser instrumento de Deus no servi\u00e7o de toda a Igreja...\" \/>\n<meta property=\"og:url\" content=\"https:\/\/www.santacatarinalaboure.com.br\/index.php\/acolitos-coroinhas\/\" \/>\n<meta property=\"og:site_name\" content=\"Par\u00f3quia Santa Catarina Labour\u00e9\" \/>\n<meta property=\"article:modified_time\" content=\"2024-07-24T20:34:46+00:00\" \/>\n<meta property=\"og:image\" content=\"http:\/\/www.santacatarinalaboure.com.br\/wp-content\/uploads\/2024\/06\/Aniversario-Pe-Jose-Antonio-20-anos-sacerdocio-12.jpg\" \/>\n<meta name=\"twitter:card\" content=\"summary_large_image\" \/>\n<meta name=\"twitter:label1\" content=\"Est. tempo de leitura\" \/>\n\t<meta name=\"twitter:data1\" content=\"1 minuto\" \/>\n<script type=\"application\/ld+json\" class=\"yoast-schema-graph\">{\"@context\":\"https:\/\/schema.org\",\"@graph\":[{\"@type\":\"WebPage\",\"@id\":\"https:\/\/www.santacatarinalaboure.com.br\/index.php\/acolitos-coroinhas\/\",\"url\":\"https:\/\/www.santacatarinalaboure.com.br\/index.php\/acolitos-coroinhas\/\",\"name\":\"Ac\u00f3litos - Coroinhas - Par\u00f3quia Santa Catarina Labour\u00e9\",\"isPartOf\":{\"@id\":\"https:\/\/www.santacatarinalaboure.com.br\/#website\"},\"primaryImageOfPage\":{\"@id\":\"https:\/\/www.santacatarinalaboure.com.br\/index.php\/acolitos-coroinhas\/#primaryimage\"},\"image\":{\"@id\":\"https:\/\/www.santacatarinalaboure.com.br\/index.php\/acolitos-coroinhas\/#primaryimage\"},\"thumbnailUrl\":\"http:\/\/www.santacatarinalaboure.com.br\/wp-content\/uploads\/2024\/06\/Aniversario-Pe-Jose-Antonio-20-anos-sacerdocio-12.jpg\",\"datePublished\":\"2024-02-29T11:49:15+00:00\",\"dateModified\":\"2024-07-24T20:34:46+00:00\",\"breadcrumb\":{\"@id\":\"https:\/\/www.santacatarinalaboure.com.br\/index.php\/acolitos-coroinhas\/#breadcrumb\"},\"inLanguage\":\"pt-BR\",\"potentialAction\":[{\"@type\":\"ReadAction\",\"target\":[\"https:\/\/www.santacatarinalaboure.com.br\/index.php\/acolitos-coroinhas\/\"]}]},{\"@type\":\"ImageObject\",\"inLanguage\":\"pt-BR\",\"@id\":\"https:\/\/www.santacatarinalaboure.com.br\/index.php\/acolitos-coroinhas\/#primaryimage\",\"url\":\"http:\/\/www.santacatarinalaboure.com.br\/wp-content\/uploads\/2024\/06\/Aniversario-Pe-Jose-Antonio-20-anos-sacerdocio-12.jpg\",\"contentUrl\":\"http:\/\/www.santacatarinalaboure.com.br\/wp-content\/uploads\/2024\/06\/Aniversario-Pe-Jose-Antonio-20-anos-sacerdocio-12.jpg\"},{\"@type\":\"BreadcrumbList\",\"@id\":\"https:\/\/www.santacatarinalaboure.com.br\/index.php\/acolitos-coroinhas\/#breadcrumb\",\"itemListElement\":[{\"@type\":\"ListItem\",\"position\":1,\"name\":\"In\u00edcio\",\"item\":\"https:\/\/www.santacatarinalaboure.com.br\/\"},{\"@type\":\"ListItem\",\"position\":2,\"name\":\"Ac\u00f3litos &#8211; Coroinhas\"}]},{\"@type\":\"WebSite\",\"@id\":\"https:\/\/www.santacatarinalaboure.com.br\/#website\",\"url\":\"https:\/\/www.santacatarinalaboure.com.br\/\",\"name\":\"Par\u00f3quia Santa Catarina Labour\u00e9\",\"description\":\"Par\u00f3quia Santa Catarina Labour\u00e9\",\"publisher\":{\"@id\":\"https:\/\/www.santacatarinalaboure.com.br\/#organization\"},\"potentialAction\":[{\"@type\":\"SearchAction\",\"target\":{\"@type\":\"EntryPoint\",\"urlTemplate\":\"https:\/\/www.santacatarinalaboure.com.br\/?s={search_term_string}\"},\"query-input\":\"required name=search_term_string\"}],\"inLanguage\":\"pt-BR\"},{\"@type\":\"Organization\",\"@id\":\"https:\/\/www.santacatarinalaboure.com.br\/#organization\",\"name\":\"Par\u00f3quia Santa Catarina Labour\u00e9\",\"url\":\"https:\/\/www.santacatarinalaboure.com.br\/\",\"logo\":{\"@type\":\"ImageObject\",\"inLanguage\":\"pt-BR\",\"@id\":\"https:\/\/www.santacatarinalaboure.com.br\/#\/schema\/logo\/image\/\",\"url\":\"https:\/\/www.santacatarinalaboure.com.br\/wp-content\/uploads\/2024\/06\/medalha-milagrosa.png\",\"contentUrl\":\"https:\/\/www.santacatarinalaboure.com.br\/wp-content\/uploads\/2024\/06\/medalha-milagrosa.png\",\"width\":402,\"height\":320,\"caption\":\"Par\u00f3quia Santa Catarina Labour\u00e9\"},\"image\":{\"@id\":\"https:\/\/www.santacatarinalaboure.com.br\/#\/schema\/logo\/image\/\"}}]}<\/script>\n<!-- \/ Yoast SEO plugin. -->","yoast_head_json":{"title":"Ac\u00f3litos - Coroinhas - Par\u00f3quia Santa Catarina Labour\u00e9","robots":{"index":"index","follow":"follow","max-snippet":"max-snippet:-1","max-image-preview":"max-image-preview:large","max-video-preview":"max-video-preview:-1"},"canonical":"https:\/\/www.santacatarinalaboure.com.br\/index.php\/acolitos-coroinhas\/","og_locale":"pt_BR","og_type":"article","og_title":"Ac\u00f3litos - Coroinhas - Par\u00f3quia Santa Catarina Labour\u00e9","og_description":"Ac\u00f3litos Ser coroinha significa ser instrumento de Deus no servi\u00e7o de toda a Igreja...","og_url":"https:\/\/www.santacatarinalaboure.com.br\/index.php\/acolitos-coroinhas\/","og_site_name":"Par\u00f3quia Santa Catarina Labour\u00e9","article_modified_time":"2024-07-24T20:34:46+00:00","og_image":[{"url":"http:\/\/www.santacatarinalaboure.com.br\/wp-content\/uploads\/2024\/06\/Aniversario-Pe-Jose-Antonio-20-anos-sacerdocio-12.jpg"}],"twitter_card":"summary_large_image","twitter_misc":{"Est. tempo de leitura":"1 minuto"},"schema":{"@context":"https:\/\/schema.org","@graph":[{"@type":"WebPage","@id":"https:\/\/www.santacatarinalaboure.com.br\/index.php\/acolitos-coroinhas\/","url":"https:\/\/www.santacatarinalaboure.com.br\/index.php\/acolitos-coroinhas\/","name":"Ac\u00f3litos - Coroinhas - Par\u00f3quia Santa Catarina Labour\u00e9","isPartOf":{"@id":"https:\/\/www.santacatarinalaboure.com.br\/#website"},"primaryImageOfPage":{"@id":"https:\/\/www.santacatarinalaboure.com.br\/index.php\/acolitos-coroinhas\/#primaryimage"},"image":{"@id":"https:\/\/www.santacatarinalaboure.com.br\/index.php\/acolitos-coroinhas\/#primaryimage"},"thumbnailUrl":"http:\/\/www.santacatarinalaboure.com.br\/wp-content\/uploads\/2024\/06\/Aniversario-Pe-Jose-Antonio-20-anos-sacerdocio-12.jpg","datePublished":"2024-02-29T11:49:15+00:00","dateModified":"2024-07-24T20:34:46+00:00","breadcrumb":{"@id":"https:\/\/www.santacatarinalaboure.com.br\/index.php\/acolitos-coroinhas\/#breadcrumb"},"inLanguage":"pt-BR","potentialAction":[{"@type":"ReadAction","target":["https:\/\/www.santacatarinalaboure.com.br\/index.php\/acolitos-coroinhas\/"]}]},{"@type":"ImageObject","inLanguage":"pt-BR","@id":"https:\/\/www.santacatarinalaboure.com.br\/index.php\/acolitos-coroinhas\/#primaryimage","url":"http:\/\/www.santacatarinalaboure.com.br\/wp-content\/uploads\/2024\/06\/Aniversario-Pe-Jose-Antonio-20-anos-sacerdocio-12.jpg","contentUrl":"http:\/\/www.santacatarinalaboure.com.br\/wp-content\/uploads\/2024\/06\/Aniversario-Pe-Jose-Antonio-20-anos-sacerdocio-12.jpg"},{"@type":"BreadcrumbList","@id":"https:\/\/www.santacatarinalaboure.com.br\/index.php\/acolitos-coroinhas\/#breadcrumb","itemListElement":[{"@type":"ListItem","position":1,"name":"In\u00edcio","item":"https:\/\/www.santacatarinalaboure.com.br\/"},{"@type":"ListItem","position":2,"name":"Ac\u00f3litos &#8211; Coroinhas"}]},{"@type":"WebSite","@id":"https:\/\/www.santacatarinalaboure.com.br\/#website","url":"https:\/\/www.santacatarinalaboure.com.br\/","name":"Par\u00f3quia Santa Catarina Labour\u00e9","description":"Par\u00f3quia Santa Catarina Labour\u00e9","publisher":{"@id":"https:\/\/www.santacatarinalaboure.com.br\/#organization"},"potentialAction":[{"@type":"SearchAction","target":{"@type":"EntryPoint","urlTemplate":"https:\/\/www.santacatarinalaboure.com.br\/?s={search_term_string}"},"query-input":"required name=search_term_string"}],"inLanguage":"pt-BR"},{"@type":"Organization","@id":"https:\/\/www.santacatarinalaboure.com.br\/#organization","name":"Par\u00f3quia Santa Catarina Labour\u00e9","url":"https:\/\/www.santacatarinalaboure.com.br\/","logo":{"@type":"ImageObject","inLanguage":"pt-BR","@id":"https:\/\/www.santacatarinalaboure.com.br\/#\/schema\/logo\/image\/","url":"https:\/\/www.santacatarinalaboure.com.br\/wp-content\/uploads\/2024\/06\/medalha-milagrosa.png","contentUrl":"https:\/\/www.santacatarinalaboure.com.br\/wp-content\/uploads\/2024\/06\/medalha-milagrosa.png","width":402,"height":320,"caption":"Par\u00f3quia Santa Catarina Labour\u00e9"},"image":{"@id":"https:\/\/www.santacatarinalaboure.com.br\/#\/schema\/logo\/image\/"}}]}},"_links":{"self":[{"href":"https:\/\/www.santacatarinalaboure.com.br\/index.php\/wp-json\/wp\/v2\/pages\/78","targetHints":{"allow":["GET"]}}],"collection":[{"href":"https:\/\/www.santacatarinalaboure.com.br\/index.php\/wp-json\/wp\/v2\/pages"}],"about":[{"href":"https:\/\/www.santacatarinalaboure.com.br\/index.php\/wp-json\/wp\/v2\/types\/page"}],"author":[{"embeddable":true,"href":"https:\/\/www.santacatarinalaboure.com.br\/index.php\/wp-json\/wp\/v2\/users\/1"}],"replies":[{"embeddable":true,"href":"https:\/\/www.santacatarinalaboure.com.br\/index.php\/wp-json\/wp\/v2\/comments?post=78"}],"version-history":[{"count":7,"href":"https:\/\/www.santacatarinalaboure.com.br\/index.php\/wp-json\/wp\/v2\/pages\/78\/revisions"}],"predecessor-version":[{"id":500,"href":"https:\/\/www.santacatarinalaboure.com.br\/index.php\/wp-json\/wp\/v2\/pages\/78\/revisions\/500"}],"wp:attachment":[{"href":"https:\/\/www.santacatarinalaboure.com.br\/index.php\/wp-json\/wp\/v2\/media?parent=78"}],"curies":[{"name":"wp","href":"https:\/\/api.w.org\/{rel}","templated":true}]}}